{"id":3990,"date":"2019-10-03T06:38:56","date_gmt":"2019-10-03T11:38:56","guid":{"rendered":"https:\/\/www.berger.ca\/es\/?page_id=3990"},"modified":"2019-10-08T14:04:55","modified_gmt":"2019-10-08T19:04:55","slug":"expo-agroalimentaria-2019","status":"publish","type":"page","link":"https:\/\/www.berger.ca\/es\/recursos-para-los-productores\/seminarios-tecnicos-y-eventos\/expo-agroalimentaria-2019\/","title":{"rendered":"Expo AgroAlimentaria 2019"},"content":{"rendered":"<h2>Nuestros equipos de especialistas estar\u00e1n presentes para ayudarlo a descubrir las ventajas de la fibra de madera en las mezclas para cultivos.<\/h2>\n<div class=\"wysiwyg-row\"><\/p>\n<p><div class=\"column-2\"><\/p>\n<h3 style=\"color: #88ac2e;font-size: 26px;line-height: 28px\">\u00bfD\u00f3nde?<\/h3>\n<p><strong>Booth #314 y 342<\/strong> | Centro de negocio <span style=\"line-height: 14px\">\u00a0|<br \/>\nCarreta Irapuato &#8211; Abasolo KM 6.5, Guanajuato, M\u00e9xico<br \/>\n<\/span><\/p>\n<p>&nbsp;<\/p>\n<h3 style=\"color: #88ac2e;font-size: 26px\">\u00bfCu\u00e1ndo?<\/h3>\n<p>De 10 a.m. a 6 p.m.<\/p>\n<p><a class=\"button\" href=\"https:\/\/www.expoagrogto.com\/\" target=\"_blank\" rel=\"noopener noreferrer\"><br \/>\nSuscribirse<\/a><\/p>\n<p><\/div><\/p>\n<p><div class=\"column-2\"><br \/>\n<img loading=\"lazy\" decoding=\"async\" class=\"alignnone wp-image-4032 size-full\" src=\"https:\/\/www.berger.ca\/es\/wp-content\/uploads\/sites\/3\/2019\/10\/martinbarrera-2.png\" alt=\"martin barrera\" width=\"288\" height=\"288\" srcset=\"https:\/\/www.berger.ca\/es\/wp-content\/uploads\/sites\/3\/2019\/10\/martinbarrera-2.png 288w, https:\/\/www.berger.ca\/es\/wp-content\/uploads\/sites\/3\/2019\/10\/martinbarrera-2-150x150.png 150w\" sizes=\"auto, (max-width: 288px) 100vw, 288px\" \/><\/p>\n<h4 style=\"text-align: center\">Martin Barrera<\/h4>\n<p style=\"text-align: center\">Gerente de ventas\u00a0 | Am\u00e9rica Latina<\/p>\n<p><\/div><\/p>\n<p><div class=\"column-2\"><br \/>\n<img loading=\"lazy\" decoding=\"async\" class=\"alignnone wp-image-4034 size-full\" src=\"https:\/\/www.berger.ca\/es\/wp-content\/uploads\/sites\/3\/2019\/10\/juan_carlos.png\" alt=\"Juan Carlos\" width=\"288\" height=\"288\" srcset=\"https:\/\/www.berger.ca\/es\/wp-content\/uploads\/sites\/3\/2019\/10\/juan_carlos.png 288w, https:\/\/www.berger.ca\/es\/wp-content\/uploads\/sites\/3\/2019\/10\/juan_carlos-150x150.png 150w\" sizes=\"auto, (max-width: 288px) 100vw, 288px\" \/><\/p>\n<h4 style=\"text-align: center\">Juan Carlos Garc\u00eda L\u00f3pez<\/h4>\n<p style=\"text-align: center\">Representante de ventas | Mexico<\/p>\n<p><\/div><\/p>\n<p><div class=\"column-2\"><br \/>\n<img loading=\"lazy\" decoding=\"async\" class=\"alignnone wp-image-4036 size-full\" src=\"https:\/\/www.berger.ca\/es\/wp-content\/uploads\/sites\/3\/2019\/10\/harold_sagastume.png\" alt=\"Harold Sagastume\" width=\"288\" height=\"288\" srcset=\"https:\/\/www.berger.ca\/es\/wp-content\/uploads\/sites\/3\/2019\/10\/harold_sagastume.png 288w, https:\/\/www.berger.ca\/es\/wp-content\/uploads\/sites\/3\/2019\/10\/harold_sagastume-150x150.png 150w\" sizes=\"auto, (max-width: 288px) 100vw, 288px\" \/><\/p>\n<h4 style=\"text-align: center\">Harold Sagastume<\/h4>\n<p style=\"text-align: center\">Representante de ventas | Centro America<\/p>\n<p><\/div><\/p>\n<p><div class=\"column-2\"><br \/>\n<img loading=\"lazy\" decoding=\"async\" class=\"alignnone wp-image-5064 size-full\" title=\"Pierre-Marc de Champlain\" src=\"https:\/\/www.berger.ca\/en\/wp-content\/uploads\/sites\/2\/2018\/08\/pierremarcdechamplain.png\" alt=\"Pierre-Marc de Champlain\" width=\"288\" height=\"288\" \/><\/p>\n<h4 style=\"text-align: center\">Pierre-Marc de Champlain<\/h4>\n<p style=\"text-align: center\">Director &#8211; Servicios t\u00e9cnicos<\/p>\n<p><\/div><\/p>\n<p><div class=\"column-2\"><br \/>\n<img loading=\"lazy\" decoding=\"async\" class=\"alignnone size-full wp-image-2923\" src=\"https:\/\/www.berger.ca\/es\/wp-content\/uploads\/sites\/3\/2018\/08\/guillermo.png\" alt=\"Guillermo Maldonado\" width=\"288\" height=\"288\" srcset=\"https:\/\/www.berger.ca\/es\/wp-content\/uploads\/sites\/3\/2018\/08\/guillermo.png 288w, https:\/\/www.berger.ca\/es\/wp-content\/uploads\/sites\/3\/2018\/08\/guillermo-150x150.png 150w\" sizes=\"auto, (max-width: 288px) 100vw, 288px\" \/><\/p>\n<h4 style=\"text-align: center\">Guillermo Maldonado<\/h4>\n<p style=\"text-align: center\">Asesor en cultivos | Am\u00e9rica Latina y USA<\/p>\n<p><\/div><\/p>\n<p><\/div>\n<div class=\"wysiwyg-row\"><br \/>\n<div class=\"column-9\"><\/p>\n<h3><span style=\"color: #88ac2e\">\u00a1NOVEDAD<\/span> &#8211; Una mezcla para la germinaci\u00f3n de semillas con fibra de madera!<\/h3>\n<p>Berger fue la primera empresa norteamericana en incorporar la fibra de madera como componente sostenible en mezclas para cultivo profesional en el a\u00f1o 2012. Desde entonces, ha desarrollado gran pericia en el tratamiento de este ingrediente. Ahora ofrecemos un derivado de la madera de fibra natural dise\u00f1ado espec\u00edficamente para la germinaci\u00f3n.<\/p>\n<p><a class=\"link\" href=\"https:\/\/www.berger.ca\/es\/productos\/bm2-fibra-natural-madera-hp\/\" target=\"_blank\" rel=\"noopener noreferrer\">Descubre las ventajas de BM2 Fibra natural &#8211; Madera HP<\/a><\/p>\n<h4>\u00a1Nos vemos en Irapuato!<\/h4>\n<p><\/div><\/p>\n<p><div class=\"column-3\"><\/p>\n<p><a href=\"https:\/\/www.berger.ca\/es\/productos\/bm2-fibra-natural-madera-hp\/\"><img loading=\"lazy\" decoding=\"async\" class=\"alignnone wp-image-4061 size-medium\" src=\"https:\/\/www.berger.ca\/es\/wp-content\/uploads\/sites\/3\/2019\/10\/emballagebm2WoodHP_geminatingmix_38bag_berger-212x300.png\" alt=\"bm2 fibra natural madera hp\" width=\"212\" height=\"300\" srcset=\"https:\/\/www.berger.ca\/es\/wp-content\/uploads\/sites\/3\/2019\/10\/emballagebm2WoodHP_geminatingmix_38bag_berger-212x300.png 212w, https:\/\/www.berger.ca\/es\/wp-content\/uploads\/sites\/3\/2019\/10\/emballagebm2WoodHP_geminatingmix_38bag_berger.png 300w\" sizes=\"auto, (max-width: 212px) 100vw, 212px\" \/><\/a><\/p>\n<p><\/div><\/p>\n<p><\/div>\n<div class=\"wysiwyg-quotes\"><\/p>\n<p><strong>El uso de fibra natural de madera facilita la producci\u00f3n de una planta compacta y resistente con ra\u00edces desarrolladas de manera adecuada.<\/strong><\/p>\n<p><em>&#8211; Ing. Frida D\u00edaz P\u00e9rez, jefa de producci\u00f3n de viveros, grupo agroindustrial La Huerta\u00ae<\/em><\/p>\n<p><\/div>\n","protected":false},"excerpt":{"rendered":"<p>Nuestros equipos de especialistas estar\u00e1n presentes para ayudarlo a descubrir las ventajas de la fibra de madera en las mezclas para cultivos.<\/p>\n","protected":false},"author":2,"featured_media":0,"parent":267,"menu_order":0,"comment_status":"closed","ping_status":"closed","template":"","meta":{"_acf_changed":false,"footnotes":""},"class_list":["post-3990","page","type-page","status-publish","hentry"],"acf":[],"yoast_head":"<!-- This site is optimized with the Yoast SEO plugin v27.4 - https:\/\/yoast.com\/product\/yoast-seo-wordpress\/ -->\n<title>Expo AgroAlimentaria 2019 - Berger - ES<\/title>\n<meta name=\"description\" content=\"\u00a1Nos vemos en Expo AgroAlimentaria! Nuestros equipos de especialistas estar\u00e1n presentes para ayudarlo a descubrir las ventajas de la fibra de madera.\" \/>\n<meta name=\"robots\" content=\"index, follow, max-snippet:-1, max-image-preview:large, max-video-preview:-1\" \/>\n<link rel=\"canonical\" href=\"https:\/\/www.berger.ca\/es\/recursos-para-los-productores\/seminarios-tecnicos-y-eventos\/expo-agroalimentaria-2019\/\" \/>\n<meta property=\"og:locale\" content=\"es_ES\" \/>\n<meta property=\"og:type\" content=\"article\" \/>\n<meta property=\"og:title\" content=\"Expo AgroAlimentaria 2019 - Berger - ES\" \/>\n<meta property=\"og:description\" content=\"\u00a1Nos vemos en Expo AgroAlimentaria! Nuestros equipos de especialistas estar\u00e1n presentes para ayudarlo a descubrir las ventajas de la fibra de madera.\" \/>\n<meta property=\"og:url\" content=\"https:\/\/www.berger.ca\/es\/recursos-para-los-productores\/seminarios-tecnicos-y-eventos\/expo-agroalimentaria-2019\/\" \/>\n<meta property=\"og:site_name\" content=\"Berger - ES\" \/>\n<meta property=\"article:publisher\" content=\"https:\/\/www.facebook.com\/berger.ca\/\" \/>\n<meta property=\"article:modified_time\" content=\"2019-10-08T19:04:55+00:00\" \/>\n<meta property=\"og:image\" content=\"https:\/\/www.berger.ca\/es\/wp-content\/uploads\/sites\/3\/2019\/10\/martinbarrera-2.png\" \/>\n<meta name=\"twitter:card\" content=\"summary_large_image\" \/>\n<meta name=\"twitter:site\" content=\"@berger_ca\" \/>\n<meta name=\"twitter:label1\" content=\"Tiempo de lectura\" \/>\n\t<meta name=\"twitter:data1\" content=\"3 minutos\" \/>\n<script type=\"application\/ld+json\" class=\"yoast-schema-graph\">{\"@context\":\"https:\\\/\\\/schema.org\",\"@graph\":[{\"@type\":\"WebPage\",\"@id\":\"https:\\\/\\\/www.berger.ca\\\/es\\\/recursos-para-los-productores\\\/seminarios-tecnicos-y-eventos\\\/expo-agroalimentaria-2019\\\/\",\"url\":\"https:\\\/\\\/www.berger.ca\\\/es\\\/recursos-para-los-productores\\\/seminarios-tecnicos-y-eventos\\\/expo-agroalimentaria-2019\\\/\",\"name\":\"Expo AgroAlimentaria 2019 - Berger - ES\",\"isPartOf\":{\"@id\":\"https:\\\/\\\/www.berger.ca\\\/es\\\/#website\"},\"primaryImageOfPage\":{\"@id\":\"https:\\\/\\\/www.berger.ca\\\/es\\\/recursos-para-los-productores\\\/seminarios-tecnicos-y-eventos\\\/expo-agroalimentaria-2019\\\/#primaryimage\"},\"image\":{\"@id\":\"https:\\\/\\\/www.berger.ca\\\/es\\\/recursos-para-los-productores\\\/seminarios-tecnicos-y-eventos\\\/expo-agroalimentaria-2019\\\/#primaryimage\"},\"thumbnailUrl\":\"https:\\\/\\\/www.berger.ca\\\/es\\\/wp-content\\\/uploads\\\/sites\\\/3\\\/2019\\\/10\\\/martinbarrera-2.png\",\"datePublished\":\"2019-10-03T11:38:56+00:00\",\"dateModified\":\"2019-10-08T19:04:55+00:00\",\"description\":\"\u00a1Nos vemos en Expo AgroAlimentaria! Nuestros equipos de especialistas estar\u00e1n presentes para ayudarlo a descubrir las ventajas de la fibra de madera.\",\"breadcrumb\":{\"@id\":\"https:\\\/\\\/www.berger.ca\\\/es\\\/recursos-para-los-productores\\\/seminarios-tecnicos-y-eventos\\\/expo-agroalimentaria-2019\\\/#breadcrumb\"},\"inLanguage\":\"es\",\"potentialAction\":[{\"@type\":\"ReadAction\",\"target\":[\"https:\\\/\\\/www.berger.ca\\\/es\\\/recursos-para-los-productores\\\/seminarios-tecnicos-y-eventos\\\/expo-agroalimentaria-2019\\\/\"]}]},{\"@type\":\"ImageObject\",\"inLanguage\":\"es\",\"@id\":\"https:\\\/\\\/www.berger.ca\\\/es\\\/recursos-para-los-productores\\\/seminarios-tecnicos-y-eventos\\\/expo-agroalimentaria-2019\\\/#primaryimage\",\"url\":\"https:\\\/\\\/www.berger.ca\\\/es\\\/wp-content\\\/uploads\\\/sites\\\/3\\\/2019\\\/10\\\/martinbarrera-2.png\",\"contentUrl\":\"https:\\\/\\\/www.berger.ca\\\/es\\\/wp-content\\\/uploads\\\/sites\\\/3\\\/2019\\\/10\\\/martinbarrera-2.png\",\"width\":288,\"height\":288,\"caption\":\"martin barrera\"},{\"@type\":\"BreadcrumbList\",\"@id\":\"https:\\\/\\\/www.berger.ca\\\/es\\\/recursos-para-los-productores\\\/seminarios-tecnicos-y-eventos\\\/expo-agroalimentaria-2019\\\/#breadcrumb\",\"itemListElement\":[{\"@type\":\"ListItem\",\"position\":1,\"name\":\"Recursos para los productores\",\"item\":\"https:\\\/\\\/www.berger.ca\\\/es\\\/recursos-para-los-productores\\\/\"},{\"@type\":\"ListItem\",\"position\":2,\"name\":\"Seminarios t\u00e9cnicos y eventos\",\"item\":\"https:\\\/\\\/www.berger.ca\\\/es\\\/recursos-para-los-productores\\\/seminarios-tecnicos-y-eventos\\\/\"},{\"@type\":\"ListItem\",\"position\":3,\"name\":\"Expo AgroAlimentaria 2019\"}]},{\"@type\":\"WebSite\",\"@id\":\"https:\\\/\\\/www.berger.ca\\\/es\\\/#website\",\"url\":\"https:\\\/\\\/www.berger.ca\\\/es\\\/\",\"name\":\"Berger - ES\",\"description\":\"Un site utilisant Sites Berger\",\"publisher\":{\"@id\":\"https:\\\/\\\/www.berger.ca\\\/es\\\/#organization\"},\"potentialAction\":[{\"@type\":\"SearchAction\",\"target\":{\"@type\":\"EntryPoint\",\"urlTemplate\":\"https:\\\/\\\/www.berger.ca\\\/es\\\/?s={search_term_string}\"},\"query-input\":{\"@type\":\"PropertyValueSpecification\",\"valueRequired\":true,\"valueName\":\"search_term_string\"}}],\"inLanguage\":\"es\"},{\"@type\":\"Organization\",\"@id\":\"https:\\\/\\\/www.berger.ca\\\/es\\\/#organization\",\"name\":\"Berger\",\"url\":\"https:\\\/\\\/www.berger.ca\\\/es\\\/\",\"logo\":{\"@type\":\"ImageObject\",\"inLanguage\":\"es\",\"@id\":\"https:\\\/\\\/www.berger.ca\\\/es\\\/#\\\/schema\\\/logo\\\/image\\\/\",\"url\":\"https:\\\/\\\/www.berger.ca\\\/es\\\/wp-content\\\/uploads\\\/sites\\\/3\\\/2016\\\/07\\\/berger_logo_coul_seul.png\",\"contentUrl\":\"https:\\\/\\\/www.berger.ca\\\/es\\\/wp-content\\\/uploads\\\/sites\\\/3\\\/2016\\\/07\\\/berger_logo_coul_seul.png\",\"width\":1257,\"height\":1156,\"caption\":\"Berger\"},\"image\":{\"@id\":\"https:\\\/\\\/www.berger.ca\\\/es\\\/#\\\/schema\\\/logo\\\/image\\\/\"},\"sameAs\":[\"https:\\\/\\\/www.facebook.com\\\/berger.ca\\\/\",\"https:\\\/\\\/x.com\\\/berger_ca\",\"https:\\\/\\\/www.instagram.com\\\/bergermixes\\\/\",\"https:\\\/\\\/www.linkedin.com\\\/company\\\/berger-peat-moss-ltd-\\\/\",\"https:\\\/\\\/www.pinterest.com\\\/bergerpeatmoss\\\/\",\"https:\\\/\\\/www.youtube.com\\\/user\\\/tourbieresberger\"]}]}<\/script>\n<!-- \/ Yoast SEO plugin. -->","yoast_head_json":{"title":"Expo AgroAlimentaria 2019 - Berger - ES","description":"\u00a1Nos vemos en Expo AgroAlimentaria! Nuestros equipos de especialistas estar\u00e1n presentes para ayudarlo a descubrir las ventajas de la fibra de madera.","robots":{"index":"index","follow":"follow","max-snippet":"max-snippet:-1","max-image-preview":"max-image-preview:large","max-video-preview":"max-video-preview:-1"},"canonical":"https:\/\/www.berger.ca\/es\/recursos-para-los-productores\/seminarios-tecnicos-y-eventos\/expo-agroalimentaria-2019\/","og_locale":"es_ES","og_type":"article","og_title":"Expo AgroAlimentaria 2019 - Berger - ES","og_description":"\u00a1Nos vemos en Expo AgroAlimentaria! Nuestros equipos de especialistas estar\u00e1n presentes para ayudarlo a descubrir las ventajas de la fibra de madera.","og_url":"https:\/\/www.berger.ca\/es\/recursos-para-los-productores\/seminarios-tecnicos-y-eventos\/expo-agroalimentaria-2019\/","og_site_name":"Berger - ES","article_publisher":"https:\/\/www.facebook.com\/berger.ca\/","article_modified_time":"2019-10-08T19:04:55+00:00","og_image":[{"url":"https:\/\/www.berger.ca\/es\/wp-content\/uploads\/sites\/3\/2019\/10\/martinbarrera-2.png","type":"","width":"","height":""}],"twitter_card":"summary_large_image","twitter_site":"@berger_ca","twitter_misc":{"Tiempo de lectura":"3 minutos"},"schema":{"@context":"https:\/\/schema.org","@graph":[{"@type":"WebPage","@id":"https:\/\/www.berger.ca\/es\/recursos-para-los-productores\/seminarios-tecnicos-y-eventos\/expo-agroalimentaria-2019\/","url":"https:\/\/www.berger.ca\/es\/recursos-para-los-productores\/seminarios-tecnicos-y-eventos\/expo-agroalimentaria-2019\/","name":"Expo AgroAlimentaria 2019 - Berger - ES","isPartOf":{"@id":"https:\/\/www.berger.ca\/es\/#website"},"primaryImageOfPage":{"@id":"https:\/\/www.berger.ca\/es\/recursos-para-los-productores\/seminarios-tecnicos-y-eventos\/expo-agroalimentaria-2019\/#primaryimage"},"image":{"@id":"https:\/\/www.berger.ca\/es\/recursos-para-los-productores\/seminarios-tecnicos-y-eventos\/expo-agroalimentaria-2019\/#primaryimage"},"thumbnailUrl":"https:\/\/www.berger.ca\/es\/wp-content\/uploads\/sites\/3\/2019\/10\/martinbarrera-2.png","datePublished":"2019-10-03T11:38:56+00:00","dateModified":"2019-10-08T19:04:55+00:00","description":"\u00a1Nos vemos en Expo AgroAlimentaria! Nuestros equipos de especialistas estar\u00e1n presentes para ayudarlo a descubrir las ventajas de la fibra de madera.","breadcrumb":{"@id":"https:\/\/www.berger.ca\/es\/recursos-para-los-productores\/seminarios-tecnicos-y-eventos\/expo-agroalimentaria-2019\/#breadcrumb"},"inLanguage":"es","potentialAction":[{"@type":"ReadAction","target":["https:\/\/www.berger.ca\/es\/recursos-para-los-productores\/seminarios-tecnicos-y-eventos\/expo-agroalimentaria-2019\/"]}]},{"@type":"ImageObject","inLanguage":"es","@id":"https:\/\/www.berger.ca\/es\/recursos-para-los-productores\/seminarios-tecnicos-y-eventos\/expo-agroalimentaria-2019\/#primaryimage","url":"https:\/\/www.berger.ca\/es\/wp-content\/uploads\/sites\/3\/2019\/10\/martinbarrera-2.png","contentUrl":"https:\/\/www.berger.ca\/es\/wp-content\/uploads\/sites\/3\/2019\/10\/martinbarrera-2.png","width":288,"height":288,"caption":"martin barrera"},{"@type":"BreadcrumbList","@id":"https:\/\/www.berger.ca\/es\/recursos-para-los-productores\/seminarios-tecnicos-y-eventos\/expo-agroalimentaria-2019\/#breadcrumb","itemListElement":[{"@type":"ListItem","position":1,"name":"Recursos para los productores","item":"https:\/\/www.berger.ca\/es\/recursos-para-los-productores\/"},{"@type":"ListItem","position":2,"name":"Seminarios t\u00e9cnicos y eventos","item":"https:\/\/www.berger.ca\/es\/recursos-para-los-productores\/seminarios-tecnicos-y-eventos\/"},{"@type":"ListItem","position":3,"name":"Expo AgroAlimentaria 2019"}]},{"@type":"WebSite","@id":"https:\/\/www.berger.ca\/es\/#website","url":"https:\/\/www.berger.ca\/es\/","name":"Berger - ES","description":"Un site utilisant Sites Berger","publisher":{"@id":"https:\/\/www.berger.ca\/es\/#organization"},"potentialAction":[{"@type":"SearchAction","target":{"@type":"EntryPoint","urlTemplate":"https:\/\/www.berger.ca\/es\/?s={search_term_string}"},"query-input":{"@type":"PropertyValueSpecification","valueRequired":true,"valueName":"search_term_string"}}],"inLanguage":"es"},{"@type":"Organization","@id":"https:\/\/www.berger.ca\/es\/#organization","name":"Berger","url":"https:\/\/www.berger.ca\/es\/","logo":{"@type":"ImageObject","inLanguage":"es","@id":"https:\/\/www.berger.ca\/es\/#\/schema\/logo\/image\/","url":"https:\/\/www.berger.ca\/es\/wp-content\/uploads\/sites\/3\/2016\/07\/berger_logo_coul_seul.png","contentUrl":"https:\/\/www.berger.ca\/es\/wp-content\/uploads\/sites\/3\/2016\/07\/berger_logo_coul_seul.png","width":1257,"height":1156,"caption":"Berger"},"image":{"@id":"https:\/\/www.berger.ca\/es\/#\/schema\/logo\/image\/"},"sameAs":["https:\/\/www.facebook.com\/berger.ca\/","https:\/\/x.com\/berger_ca","https:\/\/www.instagram.com\/bergermixes\/","https:\/\/www.linkedin.com\/company\/berger-peat-moss-ltd-\/","https:\/\/www.pinterest.com\/bergerpeatmoss\/","https:\/\/www.youtube.com\/user\/tourbieresberger"]}]}},"_links":{"self":[{"href":"https:\/\/www.berger.ca\/es\/wp-json\/wp\/v2\/pages\/3990","targetHints":{"allow":["GET"]}}],"collection":[{"href":"https:\/\/www.berger.ca\/es\/wp-json\/wp\/v2\/pages"}],"about":[{"href":"https:\/\/www.berger.ca\/es\/wp-json\/wp\/v2\/types\/page"}],"author":[{"embeddable":true,"href":"https:\/\/www.berger.ca\/es\/wp-json\/wp\/v2\/users\/2"}],"replies":[{"embeddable":true,"href":"https:\/\/www.berger.ca\/es\/wp-json\/wp\/v2\/comments?post=3990"}],"version-history":[{"count":40,"href":"https:\/\/www.berger.ca\/es\/wp-json\/wp\/v2\/pages\/3990\/revisions"}],"predecessor-version":[{"id":4063,"href":"https:\/\/www.berger.ca\/es\/wp-json\/wp\/v2\/pages\/3990\/revisions\/4063"}],"up":[{"embeddable":true,"href":"https:\/\/www.berger.ca\/es\/wp-json\/wp\/v2\/pages\/267"}],"wp:attachment":[{"href":"https:\/\/www.berger.ca\/es\/wp-json\/wp\/v2\/media?parent=3990"}],"curies":[{"name":"wp","href":"https:\/\/api.w.org\/{rel}","templated":true}]}}